{"id":39649,"date":"2025-04-30T14:00:04","date_gmt":"2025-04-30T14:00:04","guid":{"rendered":"https:\/\/fedi.de\/renovation-descalier-a-gelsenkirchen\/"},"modified":"2025-04-30T14:27:36","modified_gmt":"2025-04-30T14:27:36","slug":"renovation-descalier-a-gelsenkirchen","status":"publish","type":"page","link":"https:\/\/fedi.de\/fr\/renovation-descalier-a-gelsenkirchen\/","title":{"rendered":"R\u00e9novation d&rsquo;escalier \u00e0 Gelsenkirchen"},"content":{"rendered":"\t\t<div data-elementor-type=\"wp-page\" data-elementor-id=\"39649\" class=\"elementor elementor-39649 elementor-39647\" data-elementor-post-type=\"page\">\n\t\t\t\t<div class=\"elementor-element elementor-element-e3a7882 e-flex e-con-boxed e-con e-parent\" data-id=\"e3a7882\" data-element_type=\"container\" data-e-type=\"container\">\n\t\t\t\t\t<div class=\"e-con-inner\">\n\t\t\t\t<div class=\"elementor-element elementor-element-0c364a1 elementor-widget elementor-widget-heading\" data-id=\"0c364a1\" data-element_type=\"widget\" data-e-type=\"widget\" data-widget_type=\"heading.default\">\n\t\t\t\t<div class=\"elementor-widget-container\">\n\t\t\t\t\t<h2 class=\"elementor-heading-title elementor-size-default\">R\u00e9novation d'escaliers fedi \u00e0 Gelsenkirchen<\/h2>\t\t\t\t<\/div>\n\t\t\t\t<\/div>\n\t\t\t\t<div class=\"elementor-element elementor-element-b4d9b13 elementor-widget elementor-widget-text-editor\" data-id=\"b4d9b13\" data-element_type=\"widget\" data-e-type=\"widget\" data-widget_type=\"text-editor.default\">\n\t\t\t\t<div class=\"elementor-widget-container\">\n\t\t\t\t\t\t\t\t\t<strong><h2><span style=\"font-size: 16px;\">Partenaire pour votre r\u00e9novation d&rsquo;escalier \u00e0 Gelsenkirchen, Essen, Dortmund, Bochum D\u00fcsseldorf et Krefeld<\/strong><\/h2><\/span>\t\t\t\t\t\t\t\t<\/div>\n\t\t\t\t<\/div>\n\t\t\t\t<div class=\"elementor-element elementor-element-9492b4a elementor-widget elementor-widget-text-editor\" data-id=\"9492b4a\" data-element_type=\"widget\" data-e-type=\"widget\" data-widget_type=\"text-editor.default\">\n\t\t\t\t<div class=\"elementor-widget-container\">\n\t\t\t\t\t\t\t\t\t<p>Pour une intervention rapide dans des villes comme Dortmund, Essen, Gelsenkirchen, D\u00fcsseldorf ou Krefeld, fedi est un interlocuteur comp\u00e9tent. Le personnel sp\u00e9cialis\u00e9 de fedi discute des d\u00e9lais de livraison fiables et des produits adapt\u00e9s \u00e0 la r\u00e9novation d&rsquo;escaliers. Nous vous fournissons en outre des outils techniques, comme notre configurateur en ligne, qui facilitent le choix des composants appropri\u00e9s pour la r\u00e9novation d&rsquo;escaliers.  <\/p>\t\t\t\t\t\t\t\t<\/div>\n\t\t\t\t<\/div>\n\t\t\t\t<div class=\"elementor-element elementor-element-a2bb0c3 elementor-widget elementor-widget-text-editor\" data-id=\"a2bb0c3\" data-element_type=\"widget\" data-e-type=\"widget\" data-widget_type=\"text-editor.default\">\n\t\t\t\t<div class=\"elementor-widget-container\">\n\t\t\t\t\t\t\t\t\t<p><strong>R\u00e9novation d&rsquo;escaliers avec des avantages r\u00e9gionaux<\/strong><\/p><p>Que ce soit \u00e0 Dortmund, Essen, Gelsenkirchen, Bochum, D\u00fcsseldorf ou Krefeld, nous fournissons \u00e0 nos clients des d\u00e9cors, des colles, des \u00e9clairages et des accessoires de haute qualit\u00e9 pour la r\u00e9novation d&rsquo;escaliers. Le tout avec un look attrayant et des mat\u00e9riaux r\u00e9sistants. Profitez de trajets plus courts, de conseils personnalis\u00e9s et de notre vaste gamme de produits fedi.  <\/p>\t\t\t\t\t\t\t\t<\/div>\n\t\t\t\t<\/div>\n\t\t\t\t<div class=\"elementor-element elementor-element-4d84650 elementor-align-left elementor-widget elementor-widget-button\" data-id=\"4d84650\" data-element_type=\"widget\" data-e-type=\"widget\" data-widget_type=\"button.default\">\n\t\t\t\t<div class=\"elementor-widget-container\">\n\t\t\t\t\t\t\t\t\t<div class=\"elementor-button-wrapper\">\n\t\t\t\t\t<a class=\"elementor-button elementor-button-link elementor-size-sm elementor-animation-shrink\" href=\"https:\/\/fedi.de\/fr\/\">\n\t\t\t\t\t\t<span class=\"elementor-button-content-wrapper\">\n\t\t\t\t\t\t\t\t\t<span class=\"elementor-button-text\">Aller \u00e0 la page d'accueil<\/span>\n\t\t\t\t\t<\/span>\n\t\t\t\t\t<\/a>\n\t\t\t\t<\/div>\n\t\t\t\t\t\t\t\t<\/div>\n\t\t\t\t<\/div>\n\t\t\t\t\t<\/div>\n\t\t\t\t<\/div>\n\t\t\t\t<\/div>\n\t\t","protected":false},"excerpt":{"rendered":"<p>R\u00e9novation d&rsquo;escaliers fedi \u00e0 Gelsenkirchen Partenaire pour votre r\u00e9novation d&rsquo;escalier \u00e0 Gelsenkirchen, Essen, Dortmund, Bochum D\u00fcsseldorf et Krefeld Pour une [&hellip;]<\/p>\n","protected":false},"author":1,"featured_media":0,"parent":0,"menu_order":0,"comment_status":"closed","ping_status":"closed","template":"","meta":{"_acf_changed":false,"site-sidebar-layout":"no-sidebar","site-content-layout":"","ast-site-content-layout":"full-width-container","site-content-style":"default","site-sidebar-style":"default","ast-global-header-display":"","ast-banner-title-visibility":"","ast-main-header-display":"","ast-hfb-above-header-display":"","ast-hfb-below-header-display":"","ast-hfb-mobile-header-display":"","site-post-title":"disabled","ast-breadcrumbs-content":"","ast-featured-img":"disabled","footer-sml-layout":"","ast-disable-related-posts":"","theme-transparent-header-meta":"","adv-header-id-meta":"","stick-header-meta":"","header-above-stick-meta":"","header-main-stick-meta":"","header-below-stick-meta":"","astra-migrate-meta-layouts":"default","ast-page-background-enabled":"default","ast-page-background-meta":{"desktop":{"background-color":"var(--ast-global-color-4)","background-image":"","background-repeat":"repeat","background-position":"center center","background-size":"auto","background-attachment":"scroll","background-type":"","background-media":"","overlay-type":"","overlay-color":"","overlay-opacity":"","overlay-gradient":""},"tablet":{"background-color":"","background-image":"","background-repeat":"repeat","background-position":"center center","background-size":"auto","background-attachment":"scroll","background-type":"","background-media":"","overlay-type":"","overlay-color":"","overlay-opacity":"","overlay-gradient":""},"mobile":{"background-color":"","background-image":"","background-repeat":"repeat","background-position":"center center","background-size":"auto","background-attachment":"scroll","background-type":"","background-media":"","overlay-type":"","overlay-color":"","overlay-opacity":"","overlay-gradient":""}},"ast-content-background-meta":{"desktop":{"background-color":"var(--ast-global-color-5)","background-image":"","background-repeat":"repeat","background-position":"center center","background-size":"auto","background-attachment":"scroll","background-type":"","background-media":"","overlay-type":"","overlay-color":"","overlay-opacity":"","overlay-gradient":""},"tablet":{"background-color":"var(--ast-global-color-5)","background-image":"","background-repeat":"repeat","background-position":"center center","background-size":"auto","background-attachment":"scroll","background-type":"","background-media":"","overlay-type":"","overlay-color":"","overlay-opacity":"","overlay-gradient":""},"mobile":{"background-color":"var(--ast-global-color-5)","background-image":"","background-repeat":"repeat","background-position":"center center","background-size":"auto","background-attachment":"scroll","background-type":"","background-media":"","overlay-type":"","overlay-color":"","overlay-opacity":"","overlay-gradient":""}},"footnotes":""},"class_list":["post-39649","page","type-page","status-publish","hentry"],"acf":[],"aioseo_notices":[],"_links":{"self":[{"href":"https:\/\/fedi.de\/fr\/wp-json\/wp\/v2\/pages\/39649","targetHints":{"allow":["GET"]}}],"collection":[{"href":"https:\/\/fedi.de\/fr\/wp-json\/wp\/v2\/pages"}],"about":[{"href":"https:\/\/fedi.de\/fr\/wp-json\/wp\/v2\/types\/page"}],"author":[{"embeddable":true,"href":"https:\/\/fedi.de\/fr\/wp-json\/wp\/v2\/users\/1"}],"replies":[{"embeddable":true,"href":"https:\/\/fedi.de\/fr\/wp-json\/wp\/v2\/comments?post=39649"}],"version-history":[{"count":2,"href":"https:\/\/fedi.de\/fr\/wp-json\/wp\/v2\/pages\/39649\/revisions"}],"predecessor-version":[{"id":39661,"href":"https:\/\/fedi.de\/fr\/wp-json\/wp\/v2\/pages\/39649\/revisions\/39661"}],"wp:attachment":[{"href":"https:\/\/fedi.de\/fr\/wp-json\/wp\/v2\/media?parent=39649"}],"curies":[{"name":"wp","href":"https:\/\/api.w.org\/{rel}","templated":true}]}}